{"id":34,"date":"2016-09-15T17:39:43","date_gmt":"2016-09-15T15:39:43","guid":{"rendered":"http:\/\/lascriticas.com\/?page_id=34"},"modified":"2021-10-24T23:25:29","modified_gmt":"2021-10-24T21:25:29","slug":"quienes-somos","status":"publish","type":"page","link":"https:\/\/lascriticas.com\/index.php\/quienes-somos\/","title":{"rendered":"Qui\u00e9nes somos"},"content":{"rendered":"<h1><span style=\"color: #ffffff; font-size: 12px;\">Las Cr\u00edticas<\/span><\/h1>\n<p style=\"text-align: justify;\"><span style=\"font-size: 16px;\"><span style=\"color: #018e99;\"><strong>Las Cr\u00edticas<\/strong><\/span>\u00a0nace como un\u00a0espacio necesario\u00a0para generar y dar visibilidad a\u00a0la voz y escritura de mujeres en el \u00e1mbito de la cultura. Cuando nuestro trabajo, el de mujeres o quienes nos sentimos tales, no consigue hacerse un espacio en el esquema tradicional del \u00e1mbito cultural, \u00a0es nuestra\u00a0obligaci\u00f3n romperlo, modificar el <em>status quo<\/em>, asumir un rol activo.<\/span><\/p>\n<p style=\"text-align: justify;\"><span style=\"font-size: 16px;\">Aqu\u00ed encontrar\u00e1s a\u00a0algunas de las mujeres que hacemos cr\u00edtica literaria.<\/span><\/p>\n<p style=\"text-align: justify;\"><span style=\"font-size: 16px;\">Somos escritoras, universitarias, periodistas culturales, editoras, docentes y lectoras avisadas colaborando\u00a0en un espacio que valoriza nuestro\u00a0trabajo y difunde lo mejor que se piensa y se escribe hoy. Estamos comprometidas con el rigor intelectual, la mirada incisiva y el poder de lo escrito. En el\u00a0mundo tan cambiante de la edici\u00f3n y los libros, defendemos la opini\u00f3n experta, validada, debatida.<\/span><\/p>\n<p style=\"text-align: justify;\"><span style=\"font-size: 16px;\">Partimos del principio que la cr\u00edtica puede practicarse de modos muy distintos,\u00a0respetamos tanto el tipo de aproximaci\u00f3n a un texto\u00a0como el modo de abordar el an\u00e1lisis de un libro, bajo\u00a0la exigencia de una\u00a0debida argumentaci\u00f3n. Son bienvenidas, por lo tanto, la period\u00edstica y tambi\u00e9n la acad\u00e9mica, la hist\u00f3rica y la hermen\u00e9utica y eso incluye, evidentemente, a la <strong><a href=\"https:\/\/es.wikipedia.org\/wiki\/Cr%C3%ADtica_literaria_feminista\"><span style=\"text-decoration: underline;\">ginocr\u00edtica<\/span><\/a><\/strong>. Nuestra ambici\u00f3n es\u00a0reinventar la cr\u00edtica literaria para una nueva generaci\u00f3n.<\/span><\/p>\n<p><span style=\"font-size: 16px;\"><strong>Directora: <\/strong><\/span><\/p>\n<p><span style=\"font-size: 16px;\">Nataly Villena Vega<\/span><\/p>\n<p><span style=\"font-size: 16px;\"><strong>Comit\u00e9 de lectura:<\/strong><\/span><\/p>\n<p><span style=\"font-size: 16px;\">Fran\u00e7oise Aub\u00e8s,\u00a0Roc\u00edo Ferreira,\u00a0Marie-Madeleine Gladieu,\u00a0Marie Jammot,\u00a0Malena Mart\u00ednez,\u00a0Mar\u00eda Jos\u00e9 Punte.<\/span><\/p>\n<p><span style=\"font-size: 16px;\"><strong>Comit\u00e9 de\u00a0redacci\u00f3n:<\/strong><\/span><\/p>\n<p><span style=\"font-size: 16px;\">Nataly Villena y Diana F\u00e9lix Seras<\/span><\/p>\n<h3><span style=\"font-size: 14px;\">Aviso Legal<\/span><\/h3>\n<p><span style=\"font-size: 14px;\">Los contenidos de\u00a0<em>Las Cr\u00edticas<\/em>\u00a0est\u00e1n a disposici\u00f3n seg\u00fan los t\u00e9rminos de la\u00a0<a href=\"https:\/\/creativecommons.org\/licenses\/by-nc-nd\/4.0\/deed.es\">licencia Creative \/ Attribution &#8211; Sin Utilizaci\u00f3n Comercial &#8211; Sin Modificaci\u00f3n 4.0 Internacional.<\/a><\/span><\/p>\n","protected":false},"excerpt":{"rendered":"<p>Las Cr\u00edticas Las Cr\u00edticas\u00a0nace como un\u00a0espacio necesario\u00a0para generar y dar visibilidad a\u00a0la voz y escritura de mujeres en el \u00e1mbito de la cultura. Cuando nuestro trabajo, el de mujeres o quienes nos sentimos tales, no consigue hacerse un espacio en el esquema tradicional del \u00e1mbito cultural, \u00a0es nuestra\u00a0obligaci\u00f3n romperlo, modificar el status quo, asumir un&#8230;<\/p>\n","protected":false},"author":1,"featured_media":0,"parent":0,"menu_order":0,"comment_status":"closed","ping_status":"closed","template":"","meta":{"footnotes":""},"yoast_head":"<!-- This site is optimized with the Yoast SEO plugin v23.5 - https:\/\/yoast.com\/wordpress\/plugins\/seo\/ -->\n<title>Qui\u00e9nes somos - Las Cr\u00edticas<\/title>\n<meta name=\"description\" content=\"Las Cr\u00edticas\u00a0es un\u00a0espacio de cr\u00edtica literaria hecha por mujeres que busca generar y dar visibilidad a\u00a0su trabajo en el \u00e1mbito de la cultura.\" \/>\n<meta name=\"robots\" content=\"index, follow, max-snippet:-1, max-image-preview:large, max-video-preview:-1\" \/>\n<link rel=\"canonical\" href=\"https:\/\/lascriticas.com\/index.php\/quienes-somos\/\" \/>\n<meta property=\"og:locale\" content=\"es_ES\" \/>\n<meta property=\"og:type\" content=\"article\" \/>\n<meta property=\"og:title\" content=\"Qui\u00e9nes somos - Las Cr\u00edticas\" \/>\n<meta property=\"og:description\" content=\"Las Cr\u00edticas\u00a0es un\u00a0espacio de cr\u00edtica literaria hecha por mujeres que busca generar y dar visibilidad a\u00a0su trabajo en el \u00e1mbito de la cultura.\" \/>\n<meta property=\"og:url\" content=\"https:\/\/lascriticas.com\/index.php\/quienes-somos\/\" \/>\n<meta property=\"og:site_name\" content=\"Las Cr\u00edticas\" \/>\n<meta property=\"article:publisher\" content=\"https:\/\/www.facebook.com\/lascriticas\/\" \/>\n<meta property=\"article:modified_time\" content=\"2021-10-24T21:25:29+00:00\" \/>\n<meta name=\"twitter:card\" content=\"summary_large_image\" \/>\n<meta name=\"twitter:site\" content=\"@LasCriticas_com\" \/>\n<meta name=\"twitter:label1\" content=\"Tiempo de lectura\" \/>\n\t<meta name=\"twitter:data1\" content=\"2 minutos\" \/>\n<script type=\"application\/ld+json\" class=\"yoast-schema-graph\">{\"@context\":\"https:\/\/schema.org\",\"@graph\":[{\"@type\":\"WebPage\",\"@id\":\"https:\/\/lascriticas.com\/index.php\/quienes-somos\/\",\"url\":\"https:\/\/lascriticas.com\/index.php\/quienes-somos\/\",\"name\":\"Qui\u00e9nes somos - Las Cr\u00edticas\",\"isPartOf\":{\"@id\":\"https:\/\/lascriticas.com\/#website\"},\"datePublished\":\"2016-09-15T15:39:43+00:00\",\"dateModified\":\"2021-10-24T21:25:29+00:00\",\"description\":\"Las Cr\u00edticas\u00a0es un\u00a0espacio de cr\u00edtica literaria hecha por mujeres que busca generar y dar visibilidad a\u00a0su trabajo en el \u00e1mbito de la cultura.\",\"breadcrumb\":{\"@id\":\"https:\/\/lascriticas.com\/index.php\/quienes-somos\/#breadcrumb\"},\"inLanguage\":\"es\",\"potentialAction\":[{\"@type\":\"ReadAction\",\"target\":[\"https:\/\/lascriticas.com\/index.php\/quienes-somos\/\"]}]},{\"@type\":\"BreadcrumbList\",\"@id\":\"https:\/\/lascriticas.com\/index.php\/quienes-somos\/#breadcrumb\",\"itemListElement\":[{\"@type\":\"ListItem\",\"position\":1,\"name\":\"Inicio\",\"item\":\"https:\/\/lascriticas.com\/\"},{\"@type\":\"ListItem\",\"position\":2,\"name\":\"Qui\u00e9nes somos\"}]},{\"@type\":\"WebSite\",\"@id\":\"https:\/\/lascriticas.com\/#website\",\"url\":\"https:\/\/lascriticas.com\/\",\"name\":\"Las Cr\u00edticas\",\"description\":\"Cr\u00edtica literaria hecha por mujeres\",\"publisher\":{\"@id\":\"https:\/\/lascriticas.com\/#organization\"},\"potentialAction\":[{\"@type\":\"SearchAction\",\"target\":{\"@type\":\"EntryPoint\",\"urlTemplate\":\"https:\/\/lascriticas.com\/?s={search_term_string}\"},\"query-input\":{\"@type\":\"PropertyValueSpecification\",\"valueRequired\":true,\"valueName\":\"search_term_string\"}}],\"inLanguage\":\"es\"},{\"@type\":\"Organization\",\"@id\":\"https:\/\/lascriticas.com\/#organization\",\"name\":\"Las Cr\u00edticas\",\"url\":\"https:\/\/lascriticas.com\/\",\"logo\":{\"@type\":\"ImageObject\",\"inLanguage\":\"es\",\"@id\":\"https:\/\/lascriticas.com\/#\/schema\/logo\/image\/\",\"url\":\"https:\/\/lascriticas.com\/wp-content\/uploads\/2016\/09\/Las-Cr\u00edticas.png\",\"contentUrl\":\"https:\/\/lascriticas.com\/wp-content\/uploads\/2016\/09\/Las-Cr\u00edticas.png\",\"width\":372,\"height\":201,\"caption\":\"Las Cr\u00edticas\"},\"image\":{\"@id\":\"https:\/\/lascriticas.com\/#\/schema\/logo\/image\/\"},\"sameAs\":[\"https:\/\/www.facebook.com\/lascriticas\/\",\"https:\/\/x.com\/LasCriticas_com\",\"https:\/\/www.instagram.com\/lascriticas_com\/\",\"https:\/\/www.youtube.com\/channel\/UCd7r-H6EJA4sSXGLX33_iHQ\"]}]}<\/script>\n<!-- \/ Yoast SEO plugin. -->","yoast_head_json":{"title":"Qui\u00e9nes somos - Las Cr\u00edticas","description":"Las Cr\u00edticas\u00a0es un\u00a0espacio de cr\u00edtica literaria hecha por mujeres que busca generar y dar visibilidad a\u00a0su trabajo en el \u00e1mbito de la cultura.","robots":{"index":"index","follow":"follow","max-snippet":"max-snippet:-1","max-image-preview":"max-image-preview:large","max-video-preview":"max-video-preview:-1"},"canonical":"https:\/\/lascriticas.com\/index.php\/quienes-somos\/","og_locale":"es_ES","og_type":"article","og_title":"Qui\u00e9nes somos - Las Cr\u00edticas","og_description":"Las Cr\u00edticas\u00a0es un\u00a0espacio de cr\u00edtica literaria hecha por mujeres que busca generar y dar visibilidad a\u00a0su trabajo en el \u00e1mbito de la cultura.","og_url":"https:\/\/lascriticas.com\/index.php\/quienes-somos\/","og_site_name":"Las Cr\u00edticas","article_publisher":"https:\/\/www.facebook.com\/lascriticas\/","article_modified_time":"2021-10-24T21:25:29+00:00","twitter_card":"summary_large_image","twitter_site":"@LasCriticas_com","twitter_misc":{"Tiempo de lectura":"2 minutos"},"schema":{"@context":"https:\/\/schema.org","@graph":[{"@type":"WebPage","@id":"https:\/\/lascriticas.com\/index.php\/quienes-somos\/","url":"https:\/\/lascriticas.com\/index.php\/quienes-somos\/","name":"Qui\u00e9nes somos - Las Cr\u00edticas","isPartOf":{"@id":"https:\/\/lascriticas.com\/#website"},"datePublished":"2016-09-15T15:39:43+00:00","dateModified":"2021-10-24T21:25:29+00:00","description":"Las Cr\u00edticas\u00a0es un\u00a0espacio de cr\u00edtica literaria hecha por mujeres que busca generar y dar visibilidad a\u00a0su trabajo en el \u00e1mbito de la cultura.","breadcrumb":{"@id":"https:\/\/lascriticas.com\/index.php\/quienes-somos\/#breadcrumb"},"inLanguage":"es","potentialAction":[{"@type":"ReadAction","target":["https:\/\/lascriticas.com\/index.php\/quienes-somos\/"]}]},{"@type":"BreadcrumbList","@id":"https:\/\/lascriticas.com\/index.php\/quienes-somos\/#breadcrumb","itemListElement":[{"@type":"ListItem","position":1,"name":"Inicio","item":"https:\/\/lascriticas.com\/"},{"@type":"ListItem","position":2,"name":"Qui\u00e9nes somos"}]},{"@type":"WebSite","@id":"https:\/\/lascriticas.com\/#website","url":"https:\/\/lascriticas.com\/","name":"Las Cr\u00edticas","description":"Cr\u00edtica literaria hecha por mujeres","publisher":{"@id":"https:\/\/lascriticas.com\/#organization"},"potentialAction":[{"@type":"SearchAction","target":{"@type":"EntryPoint","urlTemplate":"https:\/\/lascriticas.com\/?s={search_term_string}"},"query-input":{"@type":"PropertyValueSpecification","valueRequired":true,"valueName":"search_term_string"}}],"inLanguage":"es"},{"@type":"Organization","@id":"https:\/\/lascriticas.com\/#organization","name":"Las Cr\u00edticas","url":"https:\/\/lascriticas.com\/","logo":{"@type":"ImageObject","inLanguage":"es","@id":"https:\/\/lascriticas.com\/#\/schema\/logo\/image\/","url":"https:\/\/lascriticas.com\/wp-content\/uploads\/2016\/09\/Las-Cr\u00edticas.png","contentUrl":"https:\/\/lascriticas.com\/wp-content\/uploads\/2016\/09\/Las-Cr\u00edticas.png","width":372,"height":201,"caption":"Las Cr\u00edticas"},"image":{"@id":"https:\/\/lascriticas.com\/#\/schema\/logo\/image\/"},"sameAs":["https:\/\/www.facebook.com\/lascriticas\/","https:\/\/x.com\/LasCriticas_com","https:\/\/www.instagram.com\/lascriticas_com\/","https:\/\/www.youtube.com\/channel\/UCd7r-H6EJA4sSXGLX33_iHQ"]}]}},"_links":{"self":[{"href":"https:\/\/lascriticas.com\/index.php\/wp-json\/wp\/v2\/pages\/34"}],"collection":[{"href":"https:\/\/lascriticas.com\/index.php\/wp-json\/wp\/v2\/pages"}],"about":[{"href":"https:\/\/lascriticas.com\/index.php\/wp-json\/wp\/v2\/types\/page"}],"author":[{"embeddable":true,"href":"https:\/\/lascriticas.com\/index.php\/wp-json\/wp\/v2\/users\/1"}],"replies":[{"embeddable":true,"href":"https:\/\/lascriticas.com\/index.php\/wp-json\/wp\/v2\/comments?post=34"}],"version-history":[{"count":25,"href":"https:\/\/lascriticas.com\/index.php\/wp-json\/wp\/v2\/pages\/34\/revisions"}],"predecessor-version":[{"id":4746,"href":"https:\/\/lascriticas.com\/index.php\/wp-json\/wp\/v2\/pages\/34\/revisions\/4746"}],"wp:attachment":[{"href":"https:\/\/lascriticas.com\/index.php\/wp-json\/wp\/v2\/media?parent=34"}],"curies":[{"name":"wp","href":"https:\/\/api.w.org\/{rel}","templated":true}]}}