{"id":1404,"date":"2017-04-10T11:43:41","date_gmt":"2017-04-10T09:43:41","guid":{"rendered":"http:\/\/lascriticas.com\/?page_id=1404"},"modified":"2021-01-19T20:46:09","modified_gmt":"2021-01-19T19:46:09","slug":"christiane-felip","status":"publish","type":"page","link":"https:\/\/lascriticas.com\/index.php\/lascriticas\/christiane-felip\/","title":{"rendered":"Christiane F\u00e9lip"},"content":{"rendered":"<p style=\"text-align: justify;\"><span style=\"font-size: 16px;\"><strong>Christiane F\u00e9lip Vidal <\/strong>es una escritora francoperuana y profesora de literatura.<\/span><\/p>\n<p style=\"text-align: justify;\"><span style=\"font-size: 16px;\">Ha publicado los relatos\u00a0<em>Descuentos<\/em>\u00a0(2004), el bestiario refranero\u00a0<em>Soltando gallos<\/em>\u00a0(2008) y la novela\u00a0<em>El canto de los ahogados<\/em>\u00a0(2012). Public\u00f3 en colaboraci\u00f3n con Cucha del \u00c1guila la antolog\u00eda de minificciones\u00a0<em>Basta, 100 mujeres contra la violencia de g\u00e9nero\u00a0<\/em>(2012). Ha publicado\u00a0<em>El silencio de la estrella,<\/em>\u00a0traducida al franc\u00e9s por ella misma y editada por <a href=\"http:\/\/www.editions-harmattan.fr\/catalogue\/couv\/aplat\/9782343068657.pdf\">\u00c9ditions L\u2019Harmattan<\/a>. En 2016 public\u00f3 <em>La flor artificial<\/em> (Cocodrilo Editores), novela a cuatro manos con Sophie Canal. Su novela <em>Los espejos opacos<\/em> fue publicada en el 2018 por Planeta. Vive en Lima.<\/span><\/p>\n<p style=\"text-align: justify;\"><span style=\"font-size: 16px;\"><strong><a href=\"https:\/\/lascriticas.com\/index.php\/author\/christiane-felip-vidal\/\">Sus cr\u00edticas<\/a><\/strong><\/span><\/p>\n<p style=\"text-align: right;\"><span style=\"font-size: 12px;\">Foto: Inti Vidal<\/span><\/p>\n","protected":false},"excerpt":{"rendered":"<p>Christiane F\u00e9lip Vidal es una escritora francoperuana y profesora de literatura. Ha publicado los relatos\u00a0Descuentos\u00a0(2004), el bestiario refranero\u00a0Soltando gallos\u00a0(2008) y la novela\u00a0El canto de los ahogados\u00a0(2012). Public\u00f3 en colaboraci\u00f3n con Cucha del \u00c1guila la antolog\u00eda de minificciones\u00a0Basta, 100 mujeres contra la violencia de g\u00e9nero\u00a0(2012). Ha publicado\u00a0El silencio de la estrella,\u00a0traducida al franc\u00e9s por ella misma&#8230;<\/p>\n","protected":false},"author":1,"featured_media":3812,"parent":68,"menu_order":0,"comment_status":"closed","ping_status":"closed","template":"","meta":{"footnotes":""},"yoast_head":"<!-- This site is optimized with the Yoast SEO plugin v23.5 - https:\/\/yoast.com\/wordpress\/plugins\/seo\/ -->\n<title>Christiane F\u00e9lip - Las Cr\u00edticas<\/title>\n<meta name=\"description\" content=\"Christiane F\u00e9lip es una escritora francoperuana y profesora de literatura, ha publicado dos novelas, un refranero y un libro de relatos. Vive en Lima.\" \/>\n<meta name=\"robots\" content=\"index, follow, max-snippet:-1, max-image-preview:large, max-video-preview:-1\" \/>\n<link rel=\"canonical\" href=\"https:\/\/lascriticas.com\/index.php\/lascriticas\/christiane-felip\/\" \/>\n<meta property=\"og:locale\" content=\"es_ES\" \/>\n<meta property=\"og:type\" content=\"article\" \/>\n<meta property=\"og:title\" content=\"Christiane F\u00e9lip - Las Cr\u00edticas\" \/>\n<meta property=\"og:description\" content=\"Christiane F\u00e9lip es una escritora francoperuana y profesora de literatura, ha publicado dos novelas, un refranero y un libro de relatos. Vive en Lima.\" \/>\n<meta property=\"og:url\" content=\"https:\/\/lascriticas.com\/index.php\/lascriticas\/christiane-felip\/\" \/>\n<meta property=\"og:site_name\" content=\"Las Cr\u00edticas\" \/>\n<meta property=\"article:publisher\" content=\"https:\/\/www.facebook.com\/lascriticas\/\" \/>\n<meta property=\"article:modified_time\" content=\"2021-01-19T19:46:09+00:00\" \/>\n<meta property=\"og:image\" content=\"https:\/\/lascriticas.com\/wp-content\/uploads\/2021\/01\/Christiane-Felip-Vidal.jpg\" \/>\n\t<meta property=\"og:image:width\" content=\"1080\" \/>\n\t<meta property=\"og:image:height\" content=\"530\" \/>\n\t<meta property=\"og:image:type\" content=\"image\/jpeg\" \/>\n<meta name=\"twitter:card\" content=\"summary_large_image\" \/>\n<meta name=\"twitter:site\" content=\"@LasCriticas_com\" \/>\n<meta name=\"twitter:label1\" content=\"Tiempo de lectura\" \/>\n\t<meta name=\"twitter:data1\" content=\"1 minuto\" \/>\n<script type=\"application\/ld+json\" class=\"yoast-schema-graph\">{\"@context\":\"https:\/\/schema.org\",\"@graph\":[{\"@type\":\"WebPage\",\"@id\":\"https:\/\/lascriticas.com\/index.php\/lascriticas\/christiane-felip\/\",\"url\":\"https:\/\/lascriticas.com\/index.php\/lascriticas\/christiane-felip\/\",\"name\":\"Christiane F\u00e9lip - Las Cr\u00edticas\",\"isPartOf\":{\"@id\":\"https:\/\/lascriticas.com\/#website\"},\"primaryImageOfPage\":{\"@id\":\"https:\/\/lascriticas.com\/index.php\/lascriticas\/christiane-felip\/#primaryimage\"},\"image\":{\"@id\":\"https:\/\/lascriticas.com\/index.php\/lascriticas\/christiane-felip\/#primaryimage\"},\"thumbnailUrl\":\"https:\/\/lascriticas.com\/wp-content\/uploads\/2021\/01\/Christiane-Felip-Vidal.jpg\",\"datePublished\":\"2017-04-10T09:43:41+00:00\",\"dateModified\":\"2021-01-19T19:46:09+00:00\",\"description\":\"Christiane F\u00e9lip es una escritora francoperuana y profesora de literatura, ha publicado dos novelas, un refranero y un libro de relatos. Vive en Lima.\",\"breadcrumb\":{\"@id\":\"https:\/\/lascriticas.com\/index.php\/lascriticas\/christiane-felip\/#breadcrumb\"},\"inLanguage\":\"es\",\"potentialAction\":[{\"@type\":\"ReadAction\",\"target\":[\"https:\/\/lascriticas.com\/index.php\/lascriticas\/christiane-felip\/\"]}]},{\"@type\":\"ImageObject\",\"inLanguage\":\"es\",\"@id\":\"https:\/\/lascriticas.com\/index.php\/lascriticas\/christiane-felip\/#primaryimage\",\"url\":\"https:\/\/lascriticas.com\/wp-content\/uploads\/2021\/01\/Christiane-Felip-Vidal.jpg\",\"contentUrl\":\"https:\/\/lascriticas.com\/wp-content\/uploads\/2021\/01\/Christiane-Felip-Vidal.jpg\",\"width\":1080,\"height\":530,\"caption\":\"Christiane F\u00e9lip Vidal\"},{\"@type\":\"BreadcrumbList\",\"@id\":\"https:\/\/lascriticas.com\/index.php\/lascriticas\/christiane-felip\/#breadcrumb\",\"itemListElement\":[{\"@type\":\"ListItem\",\"position\":1,\"name\":\"Inicio\",\"item\":\"https:\/\/lascriticas.com\/\"},{\"@type\":\"ListItem\",\"position\":2,\"name\":\"Las Cr\u00edticas\",\"item\":\"https:\/\/lascriticas.com\/index.php\/lascriticas\/\"},{\"@type\":\"ListItem\",\"position\":3,\"name\":\"Christiane F\u00e9lip\"}]},{\"@type\":\"WebSite\",\"@id\":\"https:\/\/lascriticas.com\/#website\",\"url\":\"https:\/\/lascriticas.com\/\",\"name\":\"Las Cr\u00edticas\",\"description\":\"Cr\u00edtica literaria hecha por mujeres\",\"publisher\":{\"@id\":\"https:\/\/lascriticas.com\/#organization\"},\"potentialAction\":[{\"@type\":\"SearchAction\",\"target\":{\"@type\":\"EntryPoint\",\"urlTemplate\":\"https:\/\/lascriticas.com\/?s={search_term_string}\"},\"query-input\":{\"@type\":\"PropertyValueSpecification\",\"valueRequired\":true,\"valueName\":\"search_term_string\"}}],\"inLanguage\":\"es\"},{\"@type\":\"Organization\",\"@id\":\"https:\/\/lascriticas.com\/#organization\",\"name\":\"Las Cr\u00edticas\",\"url\":\"https:\/\/lascriticas.com\/\",\"logo\":{\"@type\":\"ImageObject\",\"inLanguage\":\"es\",\"@id\":\"https:\/\/lascriticas.com\/#\/schema\/logo\/image\/\",\"url\":\"https:\/\/lascriticas.com\/wp-content\/uploads\/2016\/09\/Las-Cr\u00edticas.png\",\"contentUrl\":\"https:\/\/lascriticas.com\/wp-content\/uploads\/2016\/09\/Las-Cr\u00edticas.png\",\"width\":372,\"height\":201,\"caption\":\"Las Cr\u00edticas\"},\"image\":{\"@id\":\"https:\/\/lascriticas.com\/#\/schema\/logo\/image\/\"},\"sameAs\":[\"https:\/\/www.facebook.com\/lascriticas\/\",\"https:\/\/x.com\/LasCriticas_com\",\"https:\/\/www.instagram.com\/lascriticas_com\/\",\"https:\/\/www.youtube.com\/channel\/UCd7r-H6EJA4sSXGLX33_iHQ\"]}]}<\/script>\n<!-- \/ Yoast SEO plugin. -->","yoast_head_json":{"title":"Christiane F\u00e9lip - Las Cr\u00edticas","description":"Christiane F\u00e9lip es una escritora francoperuana y profesora de literatura, ha publicado dos novelas, un refranero y un libro de relatos. Vive en Lima.","robots":{"index":"index","follow":"follow","max-snippet":"max-snippet:-1","max-image-preview":"max-image-preview:large","max-video-preview":"max-video-preview:-1"},"canonical":"https:\/\/lascriticas.com\/index.php\/lascriticas\/christiane-felip\/","og_locale":"es_ES","og_type":"article","og_title":"Christiane F\u00e9lip - Las Cr\u00edticas","og_description":"Christiane F\u00e9lip es una escritora francoperuana y profesora de literatura, ha publicado dos novelas, un refranero y un libro de relatos. Vive en Lima.","og_url":"https:\/\/lascriticas.com\/index.php\/lascriticas\/christiane-felip\/","og_site_name":"Las Cr\u00edticas","article_publisher":"https:\/\/www.facebook.com\/lascriticas\/","article_modified_time":"2021-01-19T19:46:09+00:00","og_image":[{"width":1080,"height":530,"url":"https:\/\/lascriticas.com\/wp-content\/uploads\/2021\/01\/Christiane-Felip-Vidal.jpg","type":"image\/jpeg"}],"twitter_card":"summary_large_image","twitter_site":"@LasCriticas_com","twitter_misc":{"Tiempo de lectura":"1 minuto"},"schema":{"@context":"https:\/\/schema.org","@graph":[{"@type":"WebPage","@id":"https:\/\/lascriticas.com\/index.php\/lascriticas\/christiane-felip\/","url":"https:\/\/lascriticas.com\/index.php\/lascriticas\/christiane-felip\/","name":"Christiane F\u00e9lip - Las Cr\u00edticas","isPartOf":{"@id":"https:\/\/lascriticas.com\/#website"},"primaryImageOfPage":{"@id":"https:\/\/lascriticas.com\/index.php\/lascriticas\/christiane-felip\/#primaryimage"},"image":{"@id":"https:\/\/lascriticas.com\/index.php\/lascriticas\/christiane-felip\/#primaryimage"},"thumbnailUrl":"https:\/\/lascriticas.com\/wp-content\/uploads\/2021\/01\/Christiane-Felip-Vidal.jpg","datePublished":"2017-04-10T09:43:41+00:00","dateModified":"2021-01-19T19:46:09+00:00","description":"Christiane F\u00e9lip es una escritora francoperuana y profesora de literatura, ha publicado dos novelas, un refranero y un libro de relatos. Vive en Lima.","breadcrumb":{"@id":"https:\/\/lascriticas.com\/index.php\/lascriticas\/christiane-felip\/#breadcrumb"},"inLanguage":"es","potentialAction":[{"@type":"ReadAction","target":["https:\/\/lascriticas.com\/index.php\/lascriticas\/christiane-felip\/"]}]},{"@type":"ImageObject","inLanguage":"es","@id":"https:\/\/lascriticas.com\/index.php\/lascriticas\/christiane-felip\/#primaryimage","url":"https:\/\/lascriticas.com\/wp-content\/uploads\/2021\/01\/Christiane-Felip-Vidal.jpg","contentUrl":"https:\/\/lascriticas.com\/wp-content\/uploads\/2021\/01\/Christiane-Felip-Vidal.jpg","width":1080,"height":530,"caption":"Christiane F\u00e9lip Vidal"},{"@type":"BreadcrumbList","@id":"https:\/\/lascriticas.com\/index.php\/lascriticas\/christiane-felip\/#breadcrumb","itemListElement":[{"@type":"ListItem","position":1,"name":"Inicio","item":"https:\/\/lascriticas.com\/"},{"@type":"ListItem","position":2,"name":"Las Cr\u00edticas","item":"https:\/\/lascriticas.com\/index.php\/lascriticas\/"},{"@type":"ListItem","position":3,"name":"Christiane F\u00e9lip"}]},{"@type":"WebSite","@id":"https:\/\/lascriticas.com\/#website","url":"https:\/\/lascriticas.com\/","name":"Las Cr\u00edticas","description":"Cr\u00edtica literaria hecha por mujeres","publisher":{"@id":"https:\/\/lascriticas.com\/#organization"},"potentialAction":[{"@type":"SearchAction","target":{"@type":"EntryPoint","urlTemplate":"https:\/\/lascriticas.com\/?s={search_term_string}"},"query-input":{"@type":"PropertyValueSpecification","valueRequired":true,"valueName":"search_term_string"}}],"inLanguage":"es"},{"@type":"Organization","@id":"https:\/\/lascriticas.com\/#organization","name":"Las Cr\u00edticas","url":"https:\/\/lascriticas.com\/","logo":{"@type":"ImageObject","inLanguage":"es","@id":"https:\/\/lascriticas.com\/#\/schema\/logo\/image\/","url":"https:\/\/lascriticas.com\/wp-content\/uploads\/2016\/09\/Las-Cr\u00edticas.png","contentUrl":"https:\/\/lascriticas.com\/wp-content\/uploads\/2016\/09\/Las-Cr\u00edticas.png","width":372,"height":201,"caption":"Las Cr\u00edticas"},"image":{"@id":"https:\/\/lascriticas.com\/#\/schema\/logo\/image\/"},"sameAs":["https:\/\/www.facebook.com\/lascriticas\/","https:\/\/x.com\/LasCriticas_com","https:\/\/www.instagram.com\/lascriticas_com\/","https:\/\/www.youtube.com\/channel\/UCd7r-H6EJA4sSXGLX33_iHQ"]}]}},"_links":{"self":[{"href":"https:\/\/lascriticas.com\/index.php\/wp-json\/wp\/v2\/pages\/1404"}],"collection":[{"href":"https:\/\/lascriticas.com\/index.php\/wp-json\/wp\/v2\/pages"}],"about":[{"href":"https:\/\/lascriticas.com\/index.php\/wp-json\/wp\/v2\/types\/page"}],"author":[{"embeddable":true,"href":"https:\/\/lascriticas.com\/index.php\/wp-json\/wp\/v2\/users\/1"}],"replies":[{"embeddable":true,"href":"https:\/\/lascriticas.com\/index.php\/wp-json\/wp\/v2\/comments?post=1404"}],"version-history":[{"count":12,"href":"https:\/\/lascriticas.com\/index.php\/wp-json\/wp\/v2\/pages\/1404\/revisions"}],"predecessor-version":[{"id":3815,"href":"https:\/\/lascriticas.com\/index.php\/wp-json\/wp\/v2\/pages\/1404\/revisions\/3815"}],"up":[{"embeddable":true,"href":"https:\/\/lascriticas.com\/index.php\/wp-json\/wp\/v2\/pages\/68"}],"wp:featuredmedia":[{"embeddable":true,"href":"https:\/\/lascriticas.com\/index.php\/wp-json\/wp\/v2\/media\/3812"}],"wp:attachment":[{"href":"https:\/\/lascriticas.com\/index.php\/wp-json\/wp\/v2\/media?parent=1404"}],"curies":[{"name":"wp","href":"https:\/\/api.w.org\/{rel}","templated":true}]}}